{"id":445,"date":"2026-09-05T10:21:28","date_gmt":"2026-09-05T08:21:28","guid":{"rendered":"https:\/\/associations-montseret.fr\/?page_id=445"},"modified":"2026-09-05T10:21:28","modified_gmt":"2026-09-05T08:21:28","slug":"my-calendar","status":"publish","type":"page","link":"https:\/\/associations-montseret.fr\/?page_id=445","title":{"rendered":"My Calendar"},"content":{"rendered":"\r\n<div id='my-calendar' class='mc-main mcjs listjs gridjs minijs ajaxjs calendar month my-calendar has-modal is-main-view' >\n<script type=\"application\/ld+json\">\n[{\"@context\":\"https:\/\/schema.org\",\"@type\":\"Event\",\"name\":\"Vide Grenier par Les Lutins de Monts\\u00e9ret\",\"description\":\"De 8HOO A 17HOO Entr\\u00e9e gratuite Exposants 8\\u20ac les 5 m En ext\\u00e9rieur Restauration\\u2022Buvette\\u2022Parking\\u2022Toilettes\",\"image\":\"\",\"url\":\"https:\/\/vide-greniers.org\/evenement\/1010755\/20260913\",\"startDate\":\"2026-09-13T08:00:00+00:00\",\"endDate\":\"2026-09-13T17:30:00+00:00\",\"duration\":\"PT9H30M\",\"eventAttendanceMode\":\"https:\/\/schema.org\/OnlineEventAttendanceMode\",\"location\":{\"@type\":\"VirtualLocation\",\"url\":\"https:\/\/vide-greniers.org\/evenement\/1010755\/20260913\"}},{\"@context\":\"https:\/\/schema.org\",\"@type\":\"Event\",\"name\":\"Boxe : reprise des cours\",\"description\":\"Lundi au foyer de Montseret 18h-19h \\u2013 de 15 ans 19h-20h Adultes Section boxe de l&#039;association Les Monts\\u00e9r\\u00e9tois\",\"image\":\"\",\"url\":\"https:\/\/associations-montseret.fr\/?p=361\",\"startDate\":\"2026-09-14T18:00:00+00:00\",\"endDate\":\"2026-09-14T20:00:00+00:00\",\"duration\":\"PT2H\",\"eventAttendanceMode\":\"https:\/\/schema.org\/OnlineEventAttendanceMode\",\"location\":{\"@type\":\"VirtualLocation\",\"url\":\"https:\/\/associations-montseret.fr\/?p=361\"}},{\"@context\":\"https:\/\/schema.org\",\"@type\":\"Event\",\"name\":\"PROMENADES PATRIMOINE MONTSERET DE 10h \\u00e0 19h30\",\"description\":\"PASSEJADA PATRIM\\u00d2NI MONTSERET - PROMENADE PATRIMOINE MONTSERET DE 10h \\u00e0 19h30 Partez \\u00e0 la d\\u00e9couverte de l\\u2019histoire et du patrimoine de Monts\\u00e9ret, charmant village des Corbi\\u00e8res, \\u00e0 l\\u2019occasion d\\u2019une journ\\u00e9e conviviale ponctu\\u00e9e de visites, de rencontres et d\\u2019animations culturelles. Tout au long de la journ\\u00e9e, habitants, passionn\\u00e9s et sp\\u00e9cialistes vous invitent \\u00e0 explorer les richesses\\u2026\",\"image\":\"\",\"url\":\"https:\/\/associations-montseret.fr\/?mc-events=promenades-patrimoine-montseret-de-10h-a-19h30\",\"startDate\":\"2026-09-20T10:00:00+00:00\",\"endDate\":\"2026-09-20T19:30:00+00:00\",\"duration\":\"PT9H30M\",\"eventAttendanceMode\":\"https:\/\/schema.org\/OnlineEventAttendanceMode\",\"location\":{\"@type\":\"VirtualLocation\",\"url\":\"https:\/\/associations-montseret.fr\/?mc-events=promenades-patrimoine-montseret-de-10h-a-19h30\"}},{\"@context\":\"https:\/\/schema.org\",\"@type\":\"Event\",\"name\":\"Soir\\u00e9e repas partag\\u00e9 et Karaok\\u00e9 (La Pause)\",\"description\":\"Organis\\u00e9 par la section La Pause des Monts\\u00e9r\\u00e9tois. Premi\\u00e8re partie de soir\\u00e9e repas partag\\u00e9, chacun am\\u00e8ne un plat \\u00e0 partager et nous mangeons tous ensemble. Deuxi\\u00e8me partie de soir\\u00e9e Karaok\\u00e9 !\",\"image\":\"\",\"url\":\"https:\/\/associations-montseret.fr\/?mc-events=soiree-repas-partage-et-karaoke\",\"startDate\":\"2026-09-26T19:30:00+00:00\",\"endDate\":\"2026-09-26T23:30:00+00:00\",\"duration\":\"PT4H\",\"eventAttendanceMode\":\"https:\/\/schema.org\/OfflineEventAttendanceMode\",\"location\":{\"@context\":\"https:\/\/schema.org\",\"@type\":\"Place\",\"name\":\"Foyer de Montseret\",\"description\":\"\",\"url\":\"https:\/\/associations-montseret.fr\/?mc-locations=foyer-de-montseret\",\"address\":{\"@type\":\"PostalAddress\",\"streetAddress\":\"Place de la r\\u00e9publique\",\"addressLocality\":\"Monts\\u00e9ret\",\"addressRegion\":\"\",\"postalCode\":\"11200\",\"addressCountry\":\"France\"},\"telephone\":\"n\/a\",\"sameAs\":\"\"}}]\n<\/script>\n<h2 id=\"mc_head_my-calendar\" class=\"heading my-calendar-month\"><span>\u00c9v\u00e8nements en septembre 2026<\/span><\/h2>\n\n<nav class=\"my-calendar-navigation\" aria-label=\"Calendrier (Haut)\">\n<div class=\"my-calendar-header\"><div class='mc-format'>\r\n\t\t<ul><li><button type='button' id='mc_grid-my-calendar' data-href='https:\/\/associations-montseret.fr\/?page_id=445&#038;format=calendar&#038;rest_route=\/wp\/v2\/pages\/445' aria-pressed=\"true\" class='mc-navigation-button mc-grid-option mc-active'><span class='mc-icon' aria-hidden='true'><\/span><span class=\"maybe-hide\">Vue <\/span>Calendrier<\/button><\/li><li><button type='button' id='mc_list-my-calendar' data-href='https:\/\/associations-montseret.fr\/?page_id=445&#038;format=list&#038;rest_route=\/wp\/v2\/pages\/445'  class='mc-navigation-button mc-list-option'><span class='mc-icon' aria-hidden='true'><\/span><span class=\"maybe-hide\">Vue en <\/span>Liste<\/button><\/li><\/ul>\r\n\t\t<\/div><div class='mc-time'><ul><li><button type='button' id='mc_month-my-calendar' data-href='https:\/\/associations-montseret.fr\/?page_id=445&#038;cid=my-calendar&#038;rest_route=\/wp\/v2\/pages\/445&#038;time=month' class='mc-navigation-button month mc-active' aria-pressed='true'>Mois<\/button><\/li><li><button type='button' id='mc_week-my-calendar' data-href='https:\/\/associations-montseret.fr\/?page_id=445&#038;cid=my-calendar&#038;dy=7&#038;month=8&#038;rest_route=\/wp\/v2\/pages\/445&#038;time=week&#038;yr=2026' class='mc-navigation-button week'>Semaine<\/button><\/li><li><button type='button' id='mc_day-my-calendar' data-href='https:\/\/associations-montseret.fr\/?page_id=445&#038;cid=my-calendar&#038;dy=7&#038;rest_route=\/wp\/v2\/pages\/445&#038;time=day' class='mc-navigation-button day'>Jour<\/button><li><\/ul><\/div><div class=\"my-calendar-date-switcher\"><form class=\"mc-date-switcher\" action=\"https:\/\/associations-montseret.fr?rest_route=\/wp\/v2\/pages\/445\" method=\"get\"><div><input type=\"hidden\" name=\"cid\" value=\"my-calendar\" \/><input type=\"hidden\" name=\"rest_route\" value=\"\/wp\/v2\/pages\/445\" \/> <label class=\"maybe-hide\" for=\"my-calendar-month\">Mois<\/label> <select id=\"my-calendar-month\" name=\"month\">\n<option value='1'>janvier<\/option>\n<option value='2'>f\u00e9vrier<\/option>\n<option value='3'>mars<\/option>\n<option value='4'>avril<\/option>\n<option value='5'>mai<\/option>\n<option value='6'>juin<\/option>\n<option value='7'>juillet<\/option>\n<option value='8'>ao\u00fbt<\/option>\n<option value='9' selected='selected'>septembre<\/option>\n<option value='10'>octobre<\/option>\n<option value='11'>novembre<\/option>\n<option value='12'>d\u00e9cembre<\/option>\n<\/select>\n <label class=\"maybe-hide\" for=\"my-calendar-year\">Ann\u00e9e<\/label> <select id=\"my-calendar-year\" name=\"yr\">\n<option value=\"2026\" selected='selected'>2026<\/option>\n<\/select> <input type=\"submit\" class=\"mc-button\" id=\"my-calendar-button\" value=\"Aller\" \/><\/div><\/form><\/div>\r\n\t\t<div class=\"my-calendar-nav\">\r\n\t\t\t<ul>\r\n\t\t\t\t<li class=\"my-calendar-today\"><button type=\"button\" id=\"mc_today_my-calendar\" data-href=\"https:\/\/associations-montseret.fr\/?page_id=445&#038;cid=my-calendar&#038;rest_route=\/wp\/v2\/pages\/445\" class=\"mc-navigation-button today mc-active\" aria-current=\"true\"><span class=\"mc-icon\" aria-hidden=\"true\"><\/span>Aujourd\u2019hui<\/button><\/li>\r\n\t\t\t<\/ul>\r\n\t\t<\/div><button data-href=\"https:\/\/associations-montseret.fr\" class=\"mc-navigation-button mc-clear-filters\"><span class=\"mc-icon\" aria-hidden=\"true\"><\/span>Clear Filters<\/button><\/div>\n<\/nav>\n<div class=\"mc-content\">\n<table class='my-calendar-table' aria-labelledby='mc_head_my-calendar'>\n<thead>\n\t<tr class='mc-row'>\n\t\t<th scope=\"col\" class='day-heading mon'><abbr title=\"lundi\" aria-hidden=\"true\">lun<\/abbr><span class=\"screen-reader-text\">lundi<\/span><\/th>\n\n\t\t<th scope=\"col\" class='day-heading tues'><abbr title=\"mardi\" aria-hidden=\"true\">mar<\/abbr><span class=\"screen-reader-text\">mardi<\/span><\/th>\n\n\t\t<th scope=\"col\" class='day-heading wed'><abbr title=\"mercredi\" aria-hidden=\"true\">mer<\/abbr><span class=\"screen-reader-text\">mercredi<\/span><\/th>\n\n\t\t<th scope=\"col\" class='day-heading thur'><abbr title=\"jeudi\" aria-hidden=\"true\">jeu<\/abbr><span class=\"screen-reader-text\">jeudi<\/span><\/th>\n\n\t\t<th scope=\"col\" class='day-heading fri'><abbr title=\"vendredi\" aria-hidden=\"true\">ven<\/abbr><span class=\"screen-reader-text\">vendredi<\/span><\/th>\n\n\t\t<th scope=\"col\" class='weekend-heading sat'><abbr title=\"samedi\" aria-hidden=\"true\">sam<\/abbr><span class=\"screen-reader-text\">samedi<\/span><\/th>\n\n\t\t<th scope=\"col\" class='weekend-heading sun'><abbr title=\"dimanche\" aria-hidden=\"true\">dim<\/abbr><span class=\"screen-reader-text\">dimanche<\/span><\/th>\n\t<\/tr>\n<\/thead>\n<tbody>\n<tr class='mc-row'><td class='no-events lundi lun past-day past-date  nextmonth no-events day-with-date'><div class='mc-date-container'><span class='mc-date no-events'><span aria-hidden='true'>31<\/span><span class='screen-reader-text'>31 ao\u00fbt 2026<\/span><\/span><\/div>\n<\/td>\n<td class='no-events mardi mar past-day past-date   no-events day-with-date'><div class='mc-date-container'><span class='mc-date no-events'><span aria-hidden='true'>1<\/span><span class='screen-reader-text'>1 septembre 2026<\/span><\/span><\/div>\n<\/td>\n<td class='no-events mercredi mer past-day past-date   no-events day-with-date'><div class='mc-date-container'><span class='mc-date no-events'><span aria-hidden='true'>2<\/span><span class='screen-reader-text'>2 septembre 2026<\/span><\/span><\/div>\n<\/td>\n<td class='no-events jeudi jeu past-day past-date   no-events day-with-date'><div class='mc-date-container'><span class='mc-date no-events'><span aria-hidden='true'>3<\/span><span class='screen-reader-text'>3 septembre 2026<\/span><\/span><\/div>\n<\/td>\n<td class='no-events vendredi ven past-day past-date   no-events day-with-date'><div class='mc-date-container'><span class='mc-date no-events'><span aria-hidden='true'>4<\/span><span class='screen-reader-text'>4 septembre 2026<\/span><\/span><\/div>\n<\/td>\n<td aria-current=\"date\" class='no-events samedi sam current-day weekend  no-events day-with-date'><div class='mc-date-container'><span class='mc-date no-events'><span aria-hidden='true'>5<\/span><span class='screen-reader-text'>5 septembre 2026<\/span><\/span><\/div>\n<\/td>\n<td class='no-events dimanche dim future-day weekend  no-events day-with-date'><div class='mc-date-container'><span class='mc-date no-events'><span aria-hidden='true'>6<\/span><span class='screen-reader-text'>6 septembre 2026<\/span><\/span><\/div>\n<\/td>\n<\/tr>\n<!-- End Event Row -->\n<tr class='mc-row'><td class='no-events lundi lun future-day   no-events day-with-date'><div class='mc-date-container'><span class='mc-date no-events'><span aria-hidden='true'>7<\/span><span class='screen-reader-text'>7 septembre 2026<\/span><\/span><\/div>\n<\/td>\n<td class='no-events mardi mar future-day   no-events day-with-date'><div class='mc-date-container'><span class='mc-date no-events'><span aria-hidden='true'>8<\/span><span class='screen-reader-text'>8 septembre 2026<\/span><\/span><\/div>\n<\/td>\n<td class='no-events mercredi mer future-day   no-events day-with-date'><div class='mc-date-container'><span class='mc-date no-events'><span aria-hidden='true'>9<\/span><span class='screen-reader-text'>9 septembre 2026<\/span><\/span><\/div>\n<\/td>\n<td class='no-events jeudi jeu future-day   no-events day-with-date'><div class='mc-date-container'><span class='mc-date no-events'><span aria-hidden='true'>10<\/span><span class='screen-reader-text'>10 septembre 2026<\/span><\/span><\/div>\n<\/td>\n<td class='no-events vendredi ven future-day   no-events day-with-date'><div class='mc-date-container'><span class='mc-date no-events'><span aria-hidden='true'>11<\/span><span class='screen-reader-text'>11 septembre 2026<\/span><\/span><\/div>\n<\/td>\n<td class='no-events samedi sam future-day weekend  no-events day-with-date'><div class='mc-date-container'><span class='mc-date no-events'><span aria-hidden='true'>12<\/span><span class='screen-reader-text'>12 septembre 2026<\/span><\/span><\/div>\n<\/td>\n<td id='calendar-2026-09-13' class='mc-events dimanche dim future-day weekend  has-events author1 mcat_general day-with-date'><div class='mc-date-container'>\n\t<span class='mc-date'><span aria-hidden='true' class='mc-day-number'>13<\/span><span class='screen-reader-text mc-day-date'>13 septembre 2026<\/span><span class=\"event-icon\" aria-hidden=\"true\">&#9679;<\/span><span class=\"screen-reader-text\"><span class=\"mc-list-details event-count\">(1 \u00e9v\u00e8nement)<\/span><\/span><\/span><\/div><article id='mc_calendar_13_4-calendar-4' class='mc-has-category-colors mc-mc_calendar_4 calendar-event mc_general mc_no-location  future-event mc_primary_general nonrecurring mc-10-heures mc-start-08-00 ungrouped mc-event-4 mc-events mc-event mc_rel_general'><header>\t<h3 class='event-title summary' id='mc_4-title-my-calendar'><button type='button' id='modal-button-mc_calendar_13_4-calendar-details-4' data-modal-content-id='mc_calendar_13_4-calendar-details-4' data-modal-prefix-class='my-calendar' data-modal-close-text='Fermer' data-modal-title='Vide Grenier par Les Lutins de Monts\u00e9ret' aria-controls='mc_calendar_13_4-calendar-details-4' class='calendar mc-modal button mc-text-button button-link url summary'><div class=\"event-title-container\">8h00: Vide Grenier par Les Lutins de Monts\u00e9ret<\/div><\/button><\/h3>\n<\/header><div id='mc_calendar_13_4-calendar-details-4' class='details no-image uses-modal single-details'  aria-labelledby='mc_4-title-my-calendar'>\n\n\t\r\n\t<div class='time-block'>\r\n\t\t<span class='mc-icon' aria-hidden='true'><\/span>\r\n\t\t<p><span class=\"time-wrapper\"><span class='event-time dtstart'><time class='value-title' datetime='2026-09-13T08:00:00+7200:00' title='2026-09-13T08:00:00+7200:00'>8h00<\/time><\/span> <span class='time-separator'> &ndash; <\/span> <span class='end-time dtend'> <time class='value-title' datetime='2026-09-13T17:30:00+7200:00' title='2026-09-13T17:30:00+7200:00'>17h30<\/time><\/span><\/span><br \/><span class=\"date-wrapper\"><span class='mc-start-date dtstart' title='2026-09-13T08:00:00+7200:00' content='2026-09-13T08:00:00+7200:00'>13 septembre 2026<\/span>  <\/span><\/p>\r\n\t<\/div>\n\t\t<div class=\"sharing\">\t<p class='mc-details'><a aria-label='Lire la suite: 8h00: Vide Grenier par Les Lutins de Monts\u00e9ret' href='https:\/\/associations-montseret.fr\/?mc-events=vide-grenier-par-les-lutins-de-montseret'>Lire la suite<\/a><\/p>\n<\/div><\/div><!--end .details--><\/article>\n<\/td>\n<\/tr>\n<!-- End Event Row -->\n<tr class='mc-row'><td id='calendar-2026-09-14' class='mc-events lundi lun future-day   has-events author1 mcat_general day-with-date'><div class='mc-date-container'>\n\t<span class='mc-date'><span aria-hidden='true' class='mc-day-number'>14<\/span><span class='screen-reader-text mc-day-date'>14 septembre 2026<\/span><span class=\"event-icon\" aria-hidden=\"true\">&#9679;<\/span><span class=\"screen-reader-text\"><span class=\"mc-list-details event-count\">(1 \u00e9v\u00e8nement)<\/span><\/span><\/span><\/div><article id='mc_calendar_14_6-calendar-6' class='mc-has-category-colors mc-mc_calendar_6 calendar-event mc_general mc_no-location  future-event mc_primary_general nonrecurring mc-2-heures mc-start-18-00 ungrouped mc-event-5 mc-events mc-event mc_rel_general'><header>\t<h3 class='event-title summary' id='mc_6-title-my-calendar'><button type='button' id='modal-button-mc_calendar_14_6-calendar-details-6' data-modal-content-id='mc_calendar_14_6-calendar-details-6' data-modal-prefix-class='my-calendar' data-modal-close-text='Fermer' data-modal-title='Boxe : reprise des cours' aria-controls='mc_calendar_14_6-calendar-details-6' class='calendar mc-modal button mc-text-button button-link url summary'><div class=\"event-title-container\">18h00: Boxe : reprise des cours<\/div><\/button><\/h3>\n<\/header><div id='mc_calendar_14_6-calendar-details-6' class='details no-image uses-modal single-details'  aria-labelledby='mc_6-title-my-calendar'>\n\n\t\r\n\t<div class='time-block'>\r\n\t\t<span class='mc-icon' aria-hidden='true'><\/span>\r\n\t\t<p><span class=\"time-wrapper\"><span class='event-time dtstart'><time class='value-title' datetime='2026-09-14T18:00:00+7200:00' title='2026-09-14T18:00:00+7200:00'>18h00<\/time><\/span> <span class='time-separator'> &ndash; <\/span> <span class='end-time dtend'> <time class='value-title' datetime='2026-09-14T20:00:00+7200:00' title='2026-09-14T20:00:00+7200:00'>20h00<\/time><\/span><\/span><br \/><span class=\"date-wrapper\"><span class='mc-start-date dtstart' title='2026-09-14T18:00:00+7200:00' content='2026-09-14T18:00:00+7200:00'>14 septembre 2026<\/span>  <\/span><\/p>\r\n\t<\/div>\n\t\t<div class=\"sharing\">\t<p class='mc-details'><a aria-label='Lire la suite: 18h00: Boxe : reprise des cours' href='https:\/\/associations-montseret.fr\/?mc-events=boxe-reprise-des-cours'>Lire la suite<\/a><\/p>\n<\/div><\/div><!--end .details--><\/article>\n<\/td>\n<td class='no-events mardi mar future-day   no-events day-with-date'><div class='mc-date-container'><span class='mc-date no-events'><span aria-hidden='true'>15<\/span><span class='screen-reader-text'>15 septembre 2026<\/span><\/span><\/div>\n<\/td>\n<td class='no-events mercredi mer future-day   no-events day-with-date'><div class='mc-date-container'><span class='mc-date no-events'><span aria-hidden='true'>16<\/span><span class='screen-reader-text'>16 septembre 2026<\/span><\/span><\/div>\n<\/td>\n<td class='no-events jeudi jeu future-day   no-events day-with-date'><div class='mc-date-container'><span class='mc-date no-events'><span aria-hidden='true'>17<\/span><span class='screen-reader-text'>17 septembre 2026<\/span><\/span><\/div>\n<\/td>\n<td class='no-events vendredi ven future-day   no-events day-with-date'><div class='mc-date-container'><span class='mc-date no-events'><span aria-hidden='true'>18<\/span><span class='screen-reader-text'>18 septembre 2026<\/span><\/span><\/div>\n<\/td>\n<td class='no-events samedi sam future-day weekend  no-events day-with-date'><div class='mc-date-container'><span class='mc-date no-events'><span aria-hidden='true'>19<\/span><span class='screen-reader-text'>19 septembre 2026<\/span><\/span><\/div>\n<\/td>\n<td id='calendar-2026-09-20' class='mc-events dimanche dim future-day weekend  has-events author1 mcat_general day-with-date'><div class='mc-date-container'>\n\t<span class='mc-date'><span aria-hidden='true' class='mc-day-number'>20<\/span><span class='screen-reader-text mc-day-date'>20 septembre 2026<\/span><span class=\"event-icon\" aria-hidden=\"true\">&#9679;<\/span><span class=\"screen-reader-text\"><span class=\"mc-list-details event-count\">(1 \u00e9v\u00e8nement)<\/span><\/span><\/span><\/div><article id='mc_calendar_20_3-calendar-3' class='mc-has-category-colors mc-mc_calendar_3 calendar-event mc_general mc_no-location  future-event mc_primary_general nonrecurring mc-10-heures mc-start-10-00 ungrouped mc-event-3 mc-events mc-event mc_rel_general'><header>\t<h3 class='event-title summary' id='mc_3-title-my-calendar'><button type='button' id='modal-button-mc_calendar_20_3-calendar-details-3' data-modal-content-id='mc_calendar_20_3-calendar-details-3' data-modal-prefix-class='my-calendar' data-modal-close-text='Fermer' data-modal-title='PROMENADES PATRIMOINE MONTSERET DE 10h \u00e0 19h30' aria-controls='mc_calendar_20_3-calendar-details-3' class='calendar mc-modal button mc-text-button button-link url summary'><div class=\"event-title-container\">10h00: PROMENADES PATRIMOINE MONTSERET DE 10h \u00e0 19h30<\/div><\/button><\/h3>\n<\/header><div id='mc_calendar_20_3-calendar-details-3' class='details no-image uses-modal single-details'  aria-labelledby='mc_3-title-my-calendar'>\n\n\t\r\n\t<div class='time-block'>\r\n\t\t<span class='mc-icon' aria-hidden='true'><\/span>\r\n\t\t<p><span class=\"time-wrapper\"><span class='event-time dtstart'><time class='value-title' datetime='2026-09-20T10:00:00+7200:00' title='2026-09-20T10:00:00+7200:00'>10h00<\/time><\/span> <span class='time-separator'> &ndash; <\/span> <span class='end-time dtend'> <time class='value-title' datetime='2026-09-20T19:30:00+7200:00' title='2026-09-20T19:30:00+7200:00'>19h30<\/time><\/span><\/span><br \/><span class=\"date-wrapper\"><span class='mc-start-date dtstart' title='2026-09-20T10:00:00+7200:00' content='2026-09-20T10:00:00+7200:00'>20 septembre 2026<\/span>  <\/span><\/p>\r\n\t<\/div>\n\t\t<div class=\"sharing\">\t<p class='mc-details'><a aria-label='Lire la suite: 10h00: PROMENADES PATRIMOINE MONTSERET DE 10h \u00e0 19h30' href='https:\/\/associations-montseret.fr\/?mc-events=promenades-patrimoine-montseret-de-10h-a-19h30'>Lire la suite<\/a><\/p>\n<\/div><\/div><!--end .details--><\/article>\n<\/td>\n<\/tr>\n<!-- End Event Row -->\n<tr class='mc-row'><td class='no-events lundi lun future-day   no-events day-with-date'><div class='mc-date-container'><span class='mc-date no-events'><span aria-hidden='true'>21<\/span><span class='screen-reader-text'>21 septembre 2026<\/span><\/span><\/div>\n<\/td>\n<td class='no-events mardi mar future-day   no-events day-with-date'><div class='mc-date-container'><span class='mc-date no-events'><span aria-hidden='true'>22<\/span><span class='screen-reader-text'>22 septembre 2026<\/span><\/span><\/div>\n<\/td>\n<td class='no-events mercredi mer future-day   no-events day-with-date'><div class='mc-date-container'><span class='mc-date no-events'><span aria-hidden='true'>23<\/span><span class='screen-reader-text'>23 septembre 2026<\/span><\/span><\/div>\n<\/td>\n<td class='no-events jeudi jeu future-day   no-events day-with-date'><div class='mc-date-container'><span class='mc-date no-events'><span aria-hidden='true'>24<\/span><span class='screen-reader-text'>24 septembre 2026<\/span><\/span><\/div>\n<\/td>\n<td class='no-events vendredi ven future-day   no-events day-with-date'><div class='mc-date-container'><span class='mc-date no-events'><span aria-hidden='true'>25<\/span><span class='screen-reader-text'>25 septembre 2026<\/span><\/span><\/div>\n<\/td>\n<td id='calendar-2026-09-26' class='mc-events samedi sam future-day weekend  has-events author1 mcat_general day-with-date'><div class='mc-date-container'>\n\t<span class='mc-date'><span aria-hidden='true' class='mc-day-number'>26<\/span><span class='screen-reader-text mc-day-date'>26 septembre 2026<\/span><span class=\"event-icon\" aria-hidden=\"true\">&#9679;<\/span><span class=\"screen-reader-text\"><span class=\"mc-list-details event-count\">(1 \u00e9v\u00e8nement)<\/span><\/span><\/span><\/div><article id='mc_calendar_26_2-calendar-2' class='mc-has-category-colors mc-mc_calendar_2 calendar-event mc_general mc_foyer-de-montseret  future-event mc_primary_general nonrecurring mc-4-heures mc-start-19-30 ungrouped mc-event-2 mc-events mc-event mc_rel_general'><header>\t<h3 class='event-title summary' id='mc_2-title-my-calendar'><button type='button' id='modal-button-mc_calendar_26_2-calendar-details-2' data-modal-content-id='mc_calendar_26_2-calendar-details-2' data-modal-prefix-class='my-calendar' data-modal-close-text='Fermer' data-modal-title='Soir\u00e9e repas partag\u00e9 et Karaok\u00e9 (La Pause)' aria-controls='mc_calendar_26_2-calendar-details-2' class='calendar mc-modal button mc-text-button button-link url summary'><div class=\"event-title-container\">19h30: Soir\u00e9e repas partag\u00e9 et Karaok\u00e9 (La Pause)<\/div><\/button><\/h3>\n<\/header><div id='mc_calendar_26_2-calendar-details-2' class='details has-image uses-modal single-details'  aria-labelledby='mc_2-title-my-calendar'>\n\n\t\r\n\t<div class='time-block'>\r\n\t\t<span class='mc-icon' aria-hidden='true'><\/span>\r\n\t\t<p><span class=\"time-wrapper\"><span class='event-time dtstart'><time class='value-title' datetime='2026-09-26T19:30:00+7200:00' title='2026-09-26T19:30:00+7200:00'>19h30<\/time><\/span> <span class='time-separator'> &ndash; <\/span> <span class='end-time dtend'> <time class='value-title' datetime='2026-09-26T23:30:00+7200:00' title='2026-09-26T23:30:00+7200:00'>23h30<\/time><\/span><\/span><br \/><span class=\"date-wrapper\"><span class='mc-start-date dtstart' title='2026-09-26T19:30:00+7200:00' content='2026-09-26T19:30:00+7200:00'>26 septembre 2026<\/span>  <\/span><\/p>\r\n\t<\/div>\n\t<img loading=\"lazy\" decoding=\"async\" width=\"724\" height=\"1024\" src=\"https:\/\/associations-montseret.fr\/wp-content\/uploads\/2026\/09\/Repas-partage-724x1024.png\" class=\"mc-image photo portrait wp-post-image\" alt=\"Soir\u00e9e repas partag\u00e9 et Karaok\u00e9 (La Pause)\" srcset=\"https:\/\/associations-montseret.fr\/wp-content\/uploads\/2026\/09\/Repas-partage-724x1024.png 724w, https:\/\/associations-montseret.fr\/wp-content\/uploads\/2026\/09\/Repas-partage-212x300.png 212w, https:\/\/associations-montseret.fr\/wp-content\/uploads\/2026\/09\/Repas-partage-768x1086.png 768w, https:\/\/associations-montseret.fr\/wp-content\/uploads\/2026\/09\/Repas-partage-1086x1536.png 1086w, https:\/\/associations-montseret.fr\/wp-content\/uploads\/2026\/09\/Repas-partage-1448x2048.png 1448w, https:\/\/associations-montseret.fr\/wp-content\/uploads\/2026\/09\/Repas-partage.png 1587w\" sizes=\"auto, (max-width: 724px) 100vw, 724px\" \/>\n\t\t<div class=\"mc-location\"><div class=\"address location vcard\"><div class=\"adr h-card\"><div><strong class=\"location-label\"><span class=\"location-link org edit p-name p-org\">Foyer de Montseret<\/span><\/strong><\/div><div class='sub-address'><div class=\"street-address p-street-address\">Place de la r\u00e9publique<\/div><div><span class=\"locality p-locality\">Monts\u00e9ret<\/span><span class=\"mc-sep\">, <\/span> <span class=\"postal-code p-postal-code\">11200<\/span><\/div><div class=\"country-name p-country-name\">France<\/div><div class=\"mc-events-link\"><a class=\"location-link\" href=\"https:\/\/associations-montseret.fr\/?mc-locations=foyer-de-montseret\">View Location<\/a><\/div><\/div><\/div><div class='map'><a href='https:\/\/maps.google.com\/maps?z=16&amp;daddr=Place+de+la+r\u00e9publique++Monts\u00e9ret++11200+France' class='url external'><span class='mc-icon' aria-hidden='true'><\/span>Carte<span class='screen-reader-text fn'> Foyer de Montseret<\/span><\/a><\/div><\/div><\/div>\n\t\t<div class=\"sharing\">\t<p class='mc-details'><a aria-label='Lire la suite: 19h30: Soir\u00e9e repas partag\u00e9 et Karaok\u00e9 (La Pause)' href='https:\/\/associations-montseret.fr\/?mc-events=soiree-repas-partage-et-karaoke'>Lire la suite<\/a><\/p>\n<\/div><\/div><!--end .details--><\/article>\n<\/td>\n<td class='no-events dimanche dim future-day weekend  no-events day-with-date'><div class='mc-date-container'><span class='mc-date no-events'><span aria-hidden='true'>27<\/span><span class='screen-reader-text'>27 septembre 2026<\/span><\/span><\/div>\n<\/td>\n<\/tr>\n<!-- End Event Row -->\n<tr class='mc-row'><td class='no-events lundi lun future-day   no-events day-with-date'><div class='mc-date-container'><span class='mc-date no-events'><span aria-hidden='true'>28<\/span><span class='screen-reader-text'>28 septembre 2026<\/span><\/span><\/div>\n<\/td>\n<td class='no-events mardi mar future-day   no-events day-with-date'><div class='mc-date-container'><span class='mc-date no-events'><span aria-hidden='true'>29<\/span><span class='screen-reader-text'>29 septembre 2026<\/span><\/span><\/div>\n<\/td>\n<td class='no-events mercredi mer future-day   no-events day-with-date'><div class='mc-date-container'><span class='mc-date no-events'><span aria-hidden='true'>30<\/span><span class='screen-reader-text'>30 septembre 2026<\/span><\/span><\/div>\n<\/td>\n<td class='no-events jeudi jeu future-day  nextmonth no-events day-with-date'><div class='mc-date-container'><span class='mc-date no-events'><span aria-hidden='true'>1<\/span><span class='screen-reader-text'>1 octobre 2026<\/span><\/span><\/div>\n<\/td>\n<td class='no-events vendredi ven future-day  nextmonth no-events day-with-date'><div class='mc-date-container'><span class='mc-date no-events'><span aria-hidden='true'>2<\/span><span class='screen-reader-text'>2 octobre 2026<\/span><\/span><\/div>\n<\/td>\n<td class='no-events samedi sam future-day weekend nextmonth no-events day-with-date'><div class='mc-date-container'><span class='mc-date no-events'><span aria-hidden='true'>3<\/span><span class='screen-reader-text'>3 octobre 2026<\/span><\/span><\/div>\n<\/td>\n<td class='no-events dimanche dim future-day weekend nextmonth no-events day-with-date'><div class='mc-date-container'><span class='mc-date no-events'><span aria-hidden='true'>4<\/span><span class='screen-reader-text'>4 octobre 2026<\/span><\/span><\/div>\n<\/td>\n<\/tr>\n<!-- End Event Row -->\n\n<\/tbody>\n<\/table><\/div><!-- .mc-content -->\n<nav class=\"my-calendar-navigation\" aria-label=\"Calendrier (Bas)\">\n<div class=\"mc_bottomnav my-calendar-footer\"><div class=\"category-key no-icons\"><h2 class=\"maybe-hide\">Cat\u00e9gories d\u2019\u00e9v\u00e8nement<\/h2>\n<ul>\n<li class=\"cat_general\"><button type=\"button\" class=\"mc-navigation-button\" id=\"mc_cat_1-my-calendar\" data-href=\"https:\/\/associations-montseret.fr\/?page_id=445&#038;mcat=1&#038;rest_route=\/wp\/v2\/pages\/445\" ><span class=\"category-color-sample no-icon\" style=\"background:#fafafa;\"> &nbsp; <\/span><span class=\"mc-category-title\">General<\/span><\/button><\/li><li class='all-categories'><span class='mc-active' id='mc_cat_all-my-calendar' tabindex='-1'>Toutes les cat\u00e9gories<\/span><\/li><\/ul><\/div><div class='mc-print'><a id='mc_print-my-calendar' href='https:\/\/associations-montseret.fr?cid=mc-print-view&#038;dy=1&#038;href=https%3A%2F%2Fassociations-montseret.fr%3Frest_route%3D%2Fwp%2Fv2%2Fpages%2F445&#038;month=9&#038;rest_route=\/wp\/v2\/pages\/445&#038;time=month&#038;yr=2026' rel='nofollow'><span class='mc-icon' aria-hidden='true'><\/span><span class=\"maybe-hide\">Vue<\/span> impression<\/a><\/div><button data-href=\"https:\/\/associations-montseret.fr\" class=\"mc-navigation-button mc-clear-filters\"><span class=\"mc-icon\" aria-hidden=\"true\"><\/span>Clear Filters<\/button><\/div>\n<\/nav>\n\r\n<\/div><!-- Close Main My Calendar Wrapper -->\n","protected":false},"excerpt":{"rendered":"","protected":false},"author":1,"featured_media":0,"parent":0,"menu_order":0,"comment_status":"closed","ping_status":"closed","template":"","meta":{"_monsterinsights_skip_tracking":false,"_monsterinsights_sitenote_active":false,"_monsterinsights_sitenote_note":"","_monsterinsights_sitenote_category":0,"_kad_post_transparent":"","_kad_post_title":"","_kad_post_layout":"","_kad_post_sidebar_id":"","_kad_post_content_style":"","_kad_post_vertical_padding":"","_kad_post_feature":"","_kad_post_feature_position":"","_kad_post_header":false,"_kad_post_footer":false,"_kad_post_classname":"","iawp_total_views":0,"_mc_calendar":[],"footnotes":""},"class_list":["post-445","page","type-page","status-publish","hentry"],"aioseo_notices":[],"_links":{"self":[{"href":"https:\/\/associations-montseret.fr\/index.php?rest_route=\/wp\/v2\/pages\/445","targetHints":{"allow":["GET"]}}],"collection":[{"href":"https:\/\/associations-montseret.fr\/index.php?rest_route=\/wp\/v2\/pages"}],"about":[{"href":"https:\/\/associations-montseret.fr\/index.php?rest_route=\/wp\/v2\/types\/page"}],"author":[{"embeddable":true,"href":"https:\/\/associations-montseret.fr\/index.php?rest_route=\/wp\/v2\/users\/1"}],"replies":[{"embeddable":true,"href":"https:\/\/associations-montseret.fr\/index.php?rest_route=%2Fwp%2Fv2%2Fcomments&post=445"}],"version-history":[{"count":1,"href":"https:\/\/associations-montseret.fr\/index.php?rest_route=\/wp\/v2\/pages\/445\/revisions"}],"predecessor-version":[{"id":446,"href":"https:\/\/associations-montseret.fr\/index.php?rest_route=\/wp\/v2\/pages\/445\/revisions\/446"}],"wp:attachment":[{"href":"https:\/\/associations-montseret.fr\/index.php?rest_route=%2Fwp%2Fv2%2Fmedia&parent=445"}],"curies":[{"name":"wp","href":"https:\/\/api.w.org\/{rel}","templated":true}]}}